{"id":71,"date":"2024-02-13T12:03:17","date_gmt":"2024-02-13T12:03:17","guid":{"rendered":"https:\/\/kariyekitaphediye.com\/?page_id=71"},"modified":"2024-02-13T12:12:39","modified_gmt":"2024-02-13T12:12:39","slug":"hakkimizda","status":"publish","type":"page","link":"https:\/\/kariyekitaphediye.com\/?page_id=71","title":{"rendered":"Hakk\u0131m\u0131zda"},"content":{"rendered":"\n<figure class=\"wp-block-image size-large\"><img loading=\"lazy\" decoding=\"async\" width=\"1024\" height=\"768\" src=\"https:\/\/kariyekitaphediye.com\/wp-content\/uploads\/2024\/02\/IMG_4017-1-1024x768.jpg\" alt=\"\" class=\"wp-image-72\" srcset=\"https:\/\/kariyekitaphediye.com\/wp-content\/uploads\/2024\/02\/IMG_4017-1-1024x768.jpg 1024w, https:\/\/kariyekitaphediye.com\/wp-content\/uploads\/2024\/02\/IMG_4017-1-300x225.jpg 300w, https:\/\/kariyekitaphediye.com\/wp-content\/uploads\/2024\/02\/IMG_4017-1-768x576.jpg 768w, https:\/\/kariyekitaphediye.com\/wp-content\/uploads\/2024\/02\/IMG_4017-1-1536x1152.jpg 1536w, https:\/\/kariyekitaphediye.com\/wp-content\/uploads\/2024\/02\/IMG_4017-1-1870x1403.jpg 1870w, https:\/\/kariyekitaphediye.com\/wp-content\/uploads\/2024\/02\/IMG_4017-1-400x300.jpg 400w, https:\/\/kariyekitaphediye.com\/wp-content\/uploads\/2024\/02\/IMG_4017-1-800x600.jpg 800w, https:\/\/kariyekitaphediye.com\/wp-content\/uploads\/2024\/02\/IMG_4017-1.jpg 2016w\" sizes=\"auto, (max-width: 1024px) 100vw, 1024px\" \/><\/figure>\n\n\n\n<p>KAR\u0130YE K\u0130TAP HED\u0130YE ad\u0131yla \u0130stanbul\u2019un tarihi semtlerinden Fatih Kariye\u2019de yeni bir mekan olu\u015fturduk. 2020 y\u0131l\u0131 Ekim ay\u0131 itibariyle ba\u015flad\u0131\u011f\u0131m\u0131z bu \u00e7al\u0131\u015fmada farkl\u0131 ba\u015fl\u0131klar\u0131m\u0131z bulunuyor.<\/p>\n\n\n\n<p>Birinci ba\u015fl\u0131\u011f\u0131m\u0131z Kitap ve Yay\u0131n D\u00fcnyas\u0131: Bu ba\u015fl\u0131k alt\u0131nda&nbsp; \u00f6ncelikle ikinci el kitaplarla ilgileniyoruz. T\u00fcrk\u00e7e d\u0131\u015f\u0131nda yabanc\u0131 dillerde de bir k\u0131s\u0131m kitaplar sat\u0131\u015f listemizde mevcut. Ayr\u0131ca \u00e7e\u015fitli dergileri ve say\u0131s\u0131 \u015fimdilik \u00e7ok olmasa da Osmanl\u0131ca eserleri bizim arac\u0131l\u0131\u011f\u0131m\u0131zla tedarik etmeniz m\u00fcmk\u00fcn. Bu konuda mevcudumuz in\u015fallah her ge\u00e7en g\u00fcn daha da art\u0131yor<\/p>\n\n\n\n<p>\u0130kinci el kitaplar\u0131m\u0131z\u0131 nadirkitap.com adl\u0131 sitede listeliyoruz.<\/p>\n\n\n\n<p>Ilave olarak son aylada WhatsApp&nbsp; \u00fczerinden de bir hesap olu\u015fturduk ve oradan haftada iki g\u00fcn se\u00e7ti\u011fimiz bir k\u0131s\u0131m kitaplar\u0131 sizlerin istifadesine sunuyoruz.<\/p>\n\n\n\n<p>Grubun davet ba\u011flant\u0131s\u0131 \u015f\u00f6yledir:&nbsp;https:\/\/chat.whatsapp.com\/FPjCOmrTFZs0bIpV9CBc1Y<\/p>\n\n\n\n<p>\u0130kinci ba\u015fl\u0131\u011f\u0131m\u0131z da Sanat alan\u0131nda. Bu sahada zevk-i selim sahibi insanlara hitap etmek istiyoruz.<\/p>\n\n\n\n<p>Geleneksel sanatlar\u0131m\u0131z veya daha do\u011fru bir deyimle gelenekli sanatlar\u0131m\u0131z, \u00e7e\u015fitli el i\u015fi \u00fcr\u00fcnler, \u00fczerinden y\u0131llar ge\u00e7mi\u015f fakat hala de\u011ferlerini koruyan ve \u00e7ok kolay temin edilemeyen \u00f6zellikli malzemelerden, hediyelik olanlar\u0131 yeni yerimizde bulundurmaya \u00e7al\u0131\u015f\u0131yoruz.<\/p>\n\n\n\n<p>Bunun i\u00e7in bu t\u00fcr sanatlarla u\u011fra\u015fan ki\u015filer ve \u00e7evrelerle temaslar\u0131m\u0131z\u0131 geli\u015ftiriyoruz. Ebru, Kat\u2019\u0131 sanat\u0131, \u00e7e\u015fitli el i\u015fleri alan\u0131nda bir \u00e7ok \u00e7al\u0131\u015fmay\u0131 mekan\u0131m\u0131zda bulabilmeniz m\u00fcmk\u00fcn. Bu tip eserleri imkan \u00f6l\u00e7\u00fcs\u00fcnde \u00e7e\u015fitli sosyal medeya hesaplar\u0131m\u0131zda da payla\u015fmaya \u00e7al\u0131\u015f\u0131yoruz.<\/p>\n\n\n\n<p>Bu arada hem orijinal hem de reproduksiyon tarz\u0131nda az da olsa resim tablolar\u0131m\u0131z da bulunuyor.<\/p>\n\n\n\n<p>Ayr\u0131ca gerek masa \u00fczerine koymak gerekse de duvara asmak i\u00e7in farkl\u0131 zevklere hitap eden \u00e7e\u015fitli hediyelik \u00fcr\u00fcnleri tedarik edebilmeniz m\u00fcmk\u00fcn<\/p>\n\n\n\n<p>Firmam\u0131z\u0131n \u00f6zel \u00f6nem verdi\u011fi bir di\u011fer alan da H\u00fcsn-\u00fc Hat \u00e7al\u0131\u015fmalar\u0131. \u0130lk ad\u0131m olarak belli konularda ve \u00e7e\u015fitte yaz\u0131lar\u0131 farkl\u0131 boyutlarda haz\u0131rlay\u0131p sizlerin be\u011fenisine sunduk. Bu eserlerimizin baz\u0131lar\u0131n\u0131n kenarlar\u0131 ebru i\u015flemeli, baz\u0131lar\u0131 da pas partu ile donat\u0131l\u0131p \u00e7er\u00e7elevelendi.<\/p>\n\n\n\n<p>Tabii ilave olarak talebe g\u00f6re i\u00e7erik ve boyutta h\u00fcsn-i hat yaz\u0131lar\u0131n\u0131 da Hattat hocalar\u0131m\u0131za yazd\u0131r\u0131p sizlere teslim edebiliyoruz.<\/p>\n\n\n\n<p>Tesbih konusu bir di\u011fer ba\u015fl\u0131\u011f\u0131m\u0131z: Bu alan\u0131nda da farkl\u0131 farkl\u0131 modelleri sizlerin be\u011fenisine sunuyoruz.<\/p>\n\n\n\n<p>&nbsp;Bu \u00e7al\u0131\u015fmaya giri\u015fti\u011fimiz andan itibaren, \u0130stanbul\u2019un farkl\u0131 noktalar\u0131nda faaliyet g\u00f6steren antika ve ikinci el e\u015fyalar\u0131 sat\u0131\u015f\u0131n\u0131n yap\u0131ld\u0131\u011f\u0131&nbsp; mekanlara gitmeye ba\u015flad\u0131k. Buralardan sizler i\u00e7in hediyelik olarak de\u011ferlendirilebilecek malzemeleri tedarik etmeye \u00e7al\u0131\u015f\u0131yoruz.&nbsp; Malumunuz oldu\u011fu \u00fczere yurt d\u0131\u015f\u0131nda da bu sahada \u00e7ok \u00f6nemli noktalar mevcut. Hen\u00fcz oralara yeterince uzanamad\u0131k fakat in\u015fallah en k\u0131sa zamanda o sahadan da g\u00fczel haberlere verebilmeyi umuyoruz. .<\/p>\n\n\n\n<p>Yeni mekan\u0131m\u0131z \u00e7ok b\u00fcy\u00fck bir yer de\u011fil fakat biz var olan\u0131 etkin kullanarak her bir \u00e7e\u015fidimize&nbsp; uygun bir alan a\u00e7ma yolu bulmaya \u00e7al\u0131\u015f\u0131yoruz. Farkl\u0131 alanlarda bir\u00e7ok dostumuz bizleri ziyaret ediyor ve bu ziyaretler esnas\u0131nda bazen \u00e7ok g\u00fczel bulu\u015fmalar ve tevafuklar da oluyor ki bunlar bizleri mutlu ediyor<\/p>\n\n\n\n<p>Mekan\u0131n ismini i\u00e7inde bulundu\u011fumuz semtten ilham alarak Kariye diye koyduk. Yan\u0131na \u2018D\u00fcnden Bug\u00fcne\u2019 diye bir slogan da ilave ettik. \u00c7\u00fcnk\u00fc yapt\u0131\u011f\u0131m\u0131z i\u015f her y\u00f6n\u00fcyle d\u00fcnden bug\u00fcne birikimlerimizi bir \u015fekilde de\u011ferlendirmeye \u00e7al\u0131\u015faca\u011f\u0131m\u0131z bir \u00e7er\u00e7evede olacak diye d\u00fc\u015f\u00fcn\u00fcyoruz. \u0130n\u015fallah bu slogan\u0131n i\u00e7ini hakk\u0131yla doldururuz.<\/p>\n\n\n\n<p>Vakti m\u00fcsait olan dostlar\u0131 bekliyoruz. Gelmeden haberdar ederseniz daha memnun oluyoruz ki sizleri kar\u015f\u0131lama imkan\u0131m\u0131z olsun.<\/p>\n\n\n\n<p>Selam ve muhabbetlerimizle<\/p>\n\n\n\n\n\n<figure class=\"wp-block-gallery has-nested-images columns-default is-cropped wp-block-gallery-1 is-layout-flex wp-block-gallery-is-layout-flex\"><\/figure>\n","protected":false},"excerpt":{"rendered":"<p>KAR\u0130YE K\u0130TAP HED\u0130YE ad\u0131yla \u0130stanbul\u2019un tarihi semtlerinden Fatih Kariye\u2019de yeni bir mekan olu\u015fturduk. 2020 y\u0131l\u0131 Ekim ay\u0131 itibariyle ba\u015flad\u0131\u011f\u0131m\u0131z bu \u00e7al\u0131\u015fmada farkl\u0131 ba\u015fl\u0131klar\u0131m\u0131z bulunuyor. Birinci ba\u015fl\u0131\u011f\u0131m\u0131z Kitap ve Yay\u0131n D\u00fcnyas\u0131: Bu ba\u015fl\u0131k alt\u0131nda&nbsp; \u00f6ncelikle ikinci el kitaplarla ilgileniyoruz. T\u00fcrk\u00e7e d\u0131\u015f\u0131nda yabanc\u0131 dillerde de bir k\u0131s\u0131m kitaplar sat\u0131\u015f listemizde mevcut. Ayr\u0131ca \u00e7e\u015fitli dergileri ve say\u0131s\u0131 \u015fimdilik [&hellip;]<\/p>\n","protected":false},"author":1,"featured_media":72,"parent":0,"menu_order":0,"comment_status":"closed","ping_status":"closed","template":"","meta":{"footnotes":""},"class_list":["post-71","page","type-page","status-publish","has-post-thumbnail","hentry","has-thumbnail"],"_links":{"self":[{"href":"https:\/\/kariyekitaphediye.com\/index.php?rest_route=\/wp\/v2\/pages\/71","targetHints":{"allow":["GET"]}}],"collection":[{"href":"https:\/\/kariyekitaphediye.com\/index.php?rest_route=\/wp\/v2\/pages"}],"about":[{"href":"https:\/\/kariyekitaphediye.com\/index.php?rest_route=\/wp\/v2\/types\/page"}],"author":[{"embeddable":true,"href":"https:\/\/kariyekitaphediye.com\/index.php?rest_route=\/wp\/v2\/users\/1"}],"replies":[{"embeddable":true,"href":"https:\/\/kariyekitaphediye.com\/index.php?rest_route=%2Fwp%2Fv2%2Fcomments&post=71"}],"version-history":[{"count":1,"href":"https:\/\/kariyekitaphediye.com\/index.php?rest_route=\/wp\/v2\/pages\/71\/revisions"}],"predecessor-version":[{"id":73,"href":"https:\/\/kariyekitaphediye.com\/index.php?rest_route=\/wp\/v2\/pages\/71\/revisions\/73"}],"wp:featuredmedia":[{"embeddable":true,"href":"https:\/\/kariyekitaphediye.com\/index.php?rest_route=\/wp\/v2\/media\/72"}],"wp:attachment":[{"href":"https:\/\/kariyekitaphediye.com\/index.php?rest_route=%2Fwp%2Fv2%2Fmedia&parent=71"}],"curies":[{"name":"wp","href":"https:\/\/api.w.org\/{rel}","templated":true}]}}